{"id":34263,"date":"2025-12-09T10:55:30","date_gmt":"2025-12-09T09:55:30","guid":{"rendered":"https:\/\/flyttatillboden.se\/new_in_boden\/lovisa-oberg\/"},"modified":"2026-08-25T09:14:10","modified_gmt":"2026-08-25T07:14:10","slug":"lovisa-oberg","status":"publish","type":"new_in_boden","link":"https:\/\/flyttatillboden.se\/en\/new_in_boden\/lovisa-oberg\/","title":{"rendered":"Lovisa \u00d6berg"},"content":{"rendered":"\n<p class=\"wp-block-paragraph\">She moved up from Uppsala as a newly qualified preschool teacher in February this year and got an apartment right next to her new workplace. She works at the newly built Kyrkkl\u00e4ppen preschool in Boden. <\/p>\n\n<p class=\"wp-block-paragraph\">Together with her husband Ludvig, she enjoys life here\u2014not just being close to work, but also to her parents in Mocktr\u00e4sk.<br\/>\u201cYes, they moved up before us. Dad is from here and Mom is from Hakkas. They moved down to \u00d6vik when they were young but are back here now. Mom is a principal and vocal coach, and Dad is a cantor. We felt that we wanted to live near family and relatives when we start a family in the future, and we really love it here.\u201d    <\/p>\n\n<div style=\"height:25px\" aria-hidden=\"true\" class=\"wp-block-spacer\"><\/div>\n\n<figure class=\"wp-block-image size-large\"><img fetchpriority=\"high\" decoding=\"async\" width=\"1080\" height=\"720\" src=\"https:\/\/flyttatillboden.se\/wp-content\/uploads\/2025\/12\/BKO6896-1080x720.jpg\" alt=\"\" class=\"wp-image-29650\" srcset=\"https:\/\/flyttatillboden.se\/wp-content\/uploads\/2025\/12\/BKO6896-1080x720.jpg 1080w, https:\/\/flyttatillboden.se\/wp-content\/uploads\/2025\/12\/BKO6896-300x200.jpg 300w, https:\/\/flyttatillboden.se\/wp-content\/uploads\/2025\/12\/BKO6896-150x100.jpg 150w, https:\/\/flyttatillboden.se\/wp-content\/uploads\/2025\/12\/BKO6896-768x512.jpg 768w, https:\/\/flyttatillboden.se\/wp-content\/uploads\/2025\/12\/BKO6896-1536x1024.jpg 1536w, https:\/\/flyttatillboden.se\/wp-content\/uploads\/2025\/12\/BKO6896-2048x1365.jpg 2048w\" sizes=\"(max-width: 1080px) 100vw, 1080px\" \/><\/figure>\n\n<div style=\"height:25px\" aria-hidden=\"true\" class=\"wp-block-spacer\"><\/div>\n\n<p class=\"wp-block-paragraph\">Lovisa also has a musical streak. Since moving here in February, she has found community at the Pentecostal Church, joined the Church of Sweden&#8217;s gospel choir, and even managed to set up a music studio in her apartment. Just in time for Christmas, she has released her own Christmas song that is doing well\u2014Longing for Christmas.  <\/p>\n\n<p class=\"wp-block-paragraph\">And now she and Ludvig, who is studying remotely to become a high school teacher, are looking forward to their first Christmas in their proximity life here in Boden.<\/p>\n\n<p class=\"wp-block-paragraph\">Welcome, and we wish you a Merry Christmas!<\/p>\n\n<p class=\"wp-block-paragraph\"><br\/><em>TEXT: ANNA BERGSTR\u00d6M<\/em><\/p>\n\n<p class=\"wp-block-paragraph\"><\/p>\n","protected":false},"featured_media":29653,"template":"","meta":{"_acf_changed":false,"_members_access_role":[],"_members_access_error":""},"categories":[],"class_list":["post-34263","new_in_boden","type-new_in_boden","status-publish","has-post-thumbnail","hentry"],"acf":[],"aioseo_notices":[],"aioseo_head":"\n\t\t<!-- All in One SEO Pro 5.0.1 - aioseo.com -->\n\t<meta name=\"description\" content=\"She moved up from Uppsala as a newly qualified preschool teacher in February this year and got an apartment right next to her new workplace. She works at the newly built Kyrkkl\u00e4ppen preschool in Boden. Together with her husband Ludvig, she enjoys life here\u2014not just being close to work, but also to her parents in\" \/>\n\t<meta name=\"robots\" content=\"max-image-preview:large\" \/>\n\t<link rel=\"canonical\" href=\"https:\/\/flyttatillboden.se\/en\/new_in_boden\/lovisa-oberg\/\" \/>\n\t<meta name=\"generator\" content=\"All in One SEO Pro (AIOSEO) 5.0.1\" \/>\n\t\t<meta property=\"og:locale\" content=\"en_US\" \/>\n\t\t<meta property=\"og:site_name\" content=\"Flytta till Boden \u2013 I Boden lever vi n\u00e4rhetsliv\" \/>\n\t\t<meta property=\"og:type\" content=\"article\" \/>\n\t\t<meta property=\"og:title\" content=\"Lovisa \u00d6berg \u2013 Flytta till Boden\" \/>\n\t\t<meta property=\"og:description\" content=\"She moved up from Uppsala as a newly qualified preschool teacher in February this year and got an apartment right next to her new workplace. She works at the newly built Kyrkkl\u00e4ppen preschool in Boden. Together with her husband Ludvig, she enjoys life here\u2014not just being close to work, but also to her parents in\" \/>\n\t\t<meta property=\"og:url\" content=\"https:\/\/flyttatillboden.se\/en\/new_in_boden\/lovisa-oberg\/\" \/>\n\t\t<meta property=\"og:image\" content=\"https:\/\/flyttatillboden.se\/wp-content\/uploads\/2025\/12\/BKO6882_2-scaled.jpg\" \/>\n\t\t<meta property=\"og:image:secure_url\" content=\"https:\/\/flyttatillboden.se\/wp-content\/uploads\/2025\/12\/BKO6882_2-scaled.jpg\" \/>\n\t\t<meta property=\"og:image:width\" content=\"2560\" \/>\n\t\t<meta property=\"og:image:height\" content=\"1384\" \/>\n\t\t<meta property=\"article:published_time\" content=\"2025-12-09T09:55:30+00:00\" \/>\n\t\t<meta property=\"article:modified_time\" content=\"2026-08-25T07:14:10+00:00\" \/>\n\t\t<meta property=\"article:publisher\" content=\"https:\/\/www.facebook.com\/narhetsliv\" \/>\n\t\t<meta name=\"twitter:card\" content=\"summary\" \/>\n\t\t<meta name=\"twitter:title\" content=\"Lovisa \u00d6berg \u2013 Flytta till Boden\" \/>\n\t\t<meta name=\"twitter:description\" content=\"She moved up from Uppsala as a newly qualified preschool teacher in February this year and got an apartment right next to her new workplace. She works at the newly built Kyrkkl\u00e4ppen preschool in Boden. Together with her husband Ludvig, she enjoys life here\u2014not just being close to work, but also to her parents in\" \/>\n\t\t<meta name=\"twitter:image\" content=\"https:\/\/flyttatillboden.se\/wp-content\/uploads\/2025\/12\/BKO6882_2-scaled.jpg\" \/>\n\t\t<script type=\"application\/ld+json\" class=\"aioseo-schema\">\n\t\t\t{\"@context\":\"https:\\\/\\\/schema.org\",\"@graph\":[{\"@type\":\"BreadcrumbList\",\"@id\":\"https:\\\/\\\/flyttatillboden.se\\\/en\\\/new_in_boden\\\/lovisa-oberg\\\/#breadcrumblist\",\"itemListElement\":[{\"@type\":\"ListItem\",\"@id\":\"https:\\\/\\\/flyttatillboden.se\\\/en\\\/#listItem\",\"position\":1,\"name\":\"Hem\",\"item\":\"https:\\\/\\\/flyttatillboden.se\\\/en\\\/\",\"nextItem\":{\"@type\":\"ListItem\",\"@id\":\"https:\\\/\\\/flyttatillboden.se\\\/en\\\/new_in_boden\\\/lovisa-oberg\\\/#listItem\",\"name\":\"Lovisa \\u00d6berg\"}},{\"@type\":\"ListItem\",\"@id\":\"https:\\\/\\\/flyttatillboden.se\\\/en\\\/new_in_boden\\\/lovisa-oberg\\\/#listItem\",\"position\":2,\"name\":\"Lovisa \\u00d6berg\",\"previousItem\":{\"@type\":\"ListItem\",\"@id\":\"https:\\\/\\\/flyttatillboden.se\\\/en\\\/#listItem\",\"name\":\"Hem\"}}]},{\"@type\":\"Organization\",\"@id\":\"https:\\\/\\\/flyttatillboden.se\\\/en\\\/#organization\",\"name\":\"Bodens kommun\",\"description\":\"I Boden lever vi n\\u00e4rhetsliv\",\"url\":\"https:\\\/\\\/flyttatillboden.se\\\/en\\\/\",\"telephone\":\"+4692162000\",\"logo\":{\"@type\":\"ImageObject\",\"url\":\"https:\\\/\\\/flyttatillboden.se\\\/wp-content\\\/uploads\\\/2022\\\/03\\\/BodenPVM_Svart.png\",\"@id\":\"https:\\\/\\\/flyttatillboden.se\\\/en\\\/new_in_boden\\\/lovisa-oberg\\\/#organizationLogo\",\"width\":677,\"height\":267,\"caption\":\"Boden \\u2013 logotyp.\"},\"image\":{\"@id\":\"https:\\\/\\\/flyttatillboden.se\\\/en\\\/new_in_boden\\\/lovisa-oberg\\\/#organizationLogo\"},\"sameAs\":[\"https:\\\/\\\/www.facebook.com\\\/narhetsliv\",\"https:\\\/\\\/www.instagram.com\\\/narhetsliv\\\/\",\"https:\\\/\\\/www.youtube.com\\\/channel\\\/UCa6u_NgrGxnGQcn3hQP-E3A\"]},{\"@type\":\"WebPage\",\"@id\":\"https:\\\/\\\/flyttatillboden.se\\\/en\\\/new_in_boden\\\/lovisa-oberg\\\/#webpage\",\"url\":\"https:\\\/\\\/flyttatillboden.se\\\/en\\\/new_in_boden\\\/lovisa-oberg\\\/\",\"name\":\"Lovisa \\u00d6berg \\u2013 Flytta till Boden\",\"description\":\"She moved up from Uppsala as a newly qualified preschool teacher in February this year and got an apartment right next to her new workplace. She works at the newly built Kyrkkl\\u00e4ppen preschool in Boden. Together with her husband Ludvig, she enjoys life here\\u2014not just being close to work, but also to her parents in\",\"inLanguage\":\"en-US\",\"isPartOf\":{\"@id\":\"https:\\\/\\\/flyttatillboden.se\\\/en\\\/#website\"},\"breadcrumb\":{\"@id\":\"https:\\\/\\\/flyttatillboden.se\\\/en\\\/new_in_boden\\\/lovisa-oberg\\\/#breadcrumblist\"},\"image\":{\"@type\":\"ImageObject\",\"url\":\"https:\\\/\\\/flyttatillboden.se\\\/wp-content\\\/uploads\\\/2025\\\/12\\\/BKO6882_2-scaled.jpg\",\"@id\":\"https:\\\/\\\/flyttatillboden.se\\\/en\\\/new_in_boden\\\/lovisa-oberg\\\/#mainImage\",\"width\":2560,\"height\":1384,\"caption\":\"Leende person med ljust h\\u00e5r, vit stickad m\\u00f6ssa och svart manchesterjacka med f\\u00e5rskinnskrage, framf\\u00f6r en r\\u00f6d tr\\u00e4byggnad i vintermilj\\u00f6.\"},\"primaryImageOfPage\":{\"@id\":\"https:\\\/\\\/flyttatillboden.se\\\/en\\\/new_in_boden\\\/lovisa-oberg\\\/#mainImage\"},\"datePublished\":\"2025-12-09T10:55:30+01:00\",\"dateModified\":\"2026-08-25T09:14:10+02:00\"},{\"@type\":\"WebSite\",\"@id\":\"https:\\\/\\\/flyttatillboden.se\\\/en\\\/#website\",\"url\":\"https:\\\/\\\/flyttatillboden.se\\\/en\\\/\",\"name\":\"Flytta till Boden\",\"description\":\"I Boden lever vi n\\u00e4rhetsliv\",\"inLanguage\":\"en-US\",\"publisher\":{\"@id\":\"https:\\\/\\\/flyttatillboden.se\\\/en\\\/#organization\"}}]}\n\t\t<\/script>\n\t\t<!-- All in One SEO Pro -->\r\n\t\t<title>Lovisa \u00d6berg \u2013 Flytta till Boden<\/title>\n\n","aioseo_head_json":{"title":"Lovisa \u00d6berg \u2013 Flytta till Boden","description":"She moved up from Uppsala as a newly qualified preschool teacher in February this year and got an apartment right next to her new workplace. She works at the newly built Kyrkkl\u00e4ppen preschool in Boden. Together with her husband Ludvig, she enjoys life here\u2014not just being close to work, but also to her parents in","canonical_url":"https:\/\/flyttatillboden.se\/en\/new_in_boden\/lovisa-oberg\/","robots":"max-image-preview:large","keywords":"","webmasterTools":{"miscellaneous":""},"schema":{"@context":"https:\/\/schema.org","@graph":[{"@type":"BreadcrumbList","@id":"https:\/\/flyttatillboden.se\/en\/new_in_boden\/lovisa-oberg\/#breadcrumblist","itemListElement":[{"@type":"ListItem","@id":"https:\/\/flyttatillboden.se\/en\/#listItem","position":1,"name":"Hem","item":"https:\/\/flyttatillboden.se\/en\/","nextItem":{"@type":"ListItem","@id":"https:\/\/flyttatillboden.se\/en\/new_in_boden\/lovisa-oberg\/#listItem","name":"Lovisa \u00d6berg"}},{"@type":"ListItem","@id":"https:\/\/flyttatillboden.se\/en\/new_in_boden\/lovisa-oberg\/#listItem","position":2,"name":"Lovisa \u00d6berg","previousItem":{"@type":"ListItem","@id":"https:\/\/flyttatillboden.se\/en\/#listItem","name":"Hem"}}]},{"@type":"Organization","@id":"https:\/\/flyttatillboden.se\/en\/#organization","name":"Bodens kommun","description":"I Boden lever vi n\u00e4rhetsliv","url":"https:\/\/flyttatillboden.se\/en\/","telephone":"+4692162000","logo":{"@type":"ImageObject","url":"https:\/\/flyttatillboden.se\/wp-content\/uploads\/2022\/03\/BodenPVM_Svart.png","@id":"https:\/\/flyttatillboden.se\/en\/new_in_boden\/lovisa-oberg\/#organizationLogo","width":677,"height":267,"caption":"Boden \u2013 logotyp."},"image":{"@id":"https:\/\/flyttatillboden.se\/en\/new_in_boden\/lovisa-oberg\/#organizationLogo"},"sameAs":["https:\/\/www.facebook.com\/narhetsliv","https:\/\/www.instagram.com\/narhetsliv\/","https:\/\/www.youtube.com\/channel\/UCa6u_NgrGxnGQcn3hQP-E3A"]},{"@type":"WebPage","@id":"https:\/\/flyttatillboden.se\/en\/new_in_boden\/lovisa-oberg\/#webpage","url":"https:\/\/flyttatillboden.se\/en\/new_in_boden\/lovisa-oberg\/","name":"Lovisa \u00d6berg \u2013 Flytta till Boden","description":"She moved up from Uppsala as a newly qualified preschool teacher in February this year and got an apartment right next to her new workplace. She works at the newly built Kyrkkl\u00e4ppen preschool in Boden. Together with her husband Ludvig, she enjoys life here\u2014not just being close to work, but also to her parents in","inLanguage":"en-US","isPartOf":{"@id":"https:\/\/flyttatillboden.se\/en\/#website"},"breadcrumb":{"@id":"https:\/\/flyttatillboden.se\/en\/new_in_boden\/lovisa-oberg\/#breadcrumblist"},"image":{"@type":"ImageObject","url":"https:\/\/flyttatillboden.se\/wp-content\/uploads\/2025\/12\/BKO6882_2-scaled.jpg","@id":"https:\/\/flyttatillboden.se\/en\/new_in_boden\/lovisa-oberg\/#mainImage","width":2560,"height":1384,"caption":"Leende person med ljust h\u00e5r, vit stickad m\u00f6ssa och svart manchesterjacka med f\u00e5rskinnskrage, framf\u00f6r en r\u00f6d tr\u00e4byggnad i vintermilj\u00f6."},"primaryImageOfPage":{"@id":"https:\/\/flyttatillboden.se\/en\/new_in_boden\/lovisa-oberg\/#mainImage"},"datePublished":"2025-12-09T10:55:30+01:00","dateModified":"2026-08-25T09:14:10+02:00"},{"@type":"WebSite","@id":"https:\/\/flyttatillboden.se\/en\/#website","url":"https:\/\/flyttatillboden.se\/en\/","name":"Flytta till Boden","description":"I Boden lever vi n\u00e4rhetsliv","inLanguage":"en-US","publisher":{"@id":"https:\/\/flyttatillboden.se\/en\/#organization"}}]},"og:locale":"en_US","og:site_name":"Flytta till Boden \u2013 I Boden lever vi n\u00e4rhetsliv","og:type":"article","og:title":"Lovisa \u00d6berg \u2013 Flytta till Boden","og:description":"She moved up from Uppsala as a newly qualified preschool teacher in February this year and got an apartment right next to her new workplace. She works at the newly built Kyrkkl\u00e4ppen preschool in Boden. Together with her husband Ludvig, she enjoys life here\u2014not just being close to work, but also to her parents in","og:url":"https:\/\/flyttatillboden.se\/en\/new_in_boden\/lovisa-oberg\/","og:image":"https:\/\/flyttatillboden.se\/wp-content\/uploads\/2025\/12\/BKO6882_2-scaled.jpg","og:image:secure_url":"https:\/\/flyttatillboden.se\/wp-content\/uploads\/2025\/12\/BKO6882_2-scaled.jpg","og:image:width":2560,"og:image:height":1384,"article:published_time":"2025-12-09T09:55:30+00:00","article:modified_time":"2026-08-25T07:14:10+00:00","article:publisher":"https:\/\/www.facebook.com\/narhetsliv","twitter:card":"summary","twitter:title":"Lovisa \u00d6berg \u2013 Flytta till Boden","twitter:description":"She moved up from Uppsala as a newly qualified preschool teacher in February this year and got an apartment right next to her new workplace. She works at the newly built Kyrkkl\u00e4ppen preschool in Boden. Together with her husband Ludvig, she enjoys life here\u2014not just being close to work, but also to her parents in","twitter:image":"https:\/\/flyttatillboden.se\/wp-content\/uploads\/2025\/12\/BKO6882_2-scaled.jpg"},"aioseo_meta_data":{"post_id":"34263","title":null,"description":null,"keywords":null,"keyphrases":{"focus":{"keyphrase":"","score":0,"analysis":{"keyphraseInTitle":{"score":0,"maxScore":9,"error":1}}},"additional":[]},"primary_term":null,"canonical_url":null,"og_title":null,"og_description":null,"og_object_type":"default","og_image_type":"default","og_image_url":null,"og_image_width":null,"og_image_height":null,"og_image_custom_url":null,"og_image_custom_fields":null,"og_video":"","og_custom_url":null,"og_article_section":null,"og_article_tags":null,"twitter_use_og":false,"twitter_card":"default","twitter_image_type":"default","twitter_image_url":null,"twitter_image_custom_url":null,"twitter_image_custom_fields":null,"twitter_title":null,"twitter_description":null,"schema":{"blockGraphs":[],"customGraphs":[],"default":{"data":{"Article":[],"Course":[],"Dataset":[],"FAQPage":[],"Movie":[],"Person":[],"Product":[],"ProductReview":[],"Car":[],"Recipe":[],"Service":[],"SoftwareApplication":[],"WebPage":[]},"graphName":"WebPage","isEnabled":true},"graphs":[]},"schema_type":"default","schema_type_options":null,"pillar_content":false,"robots_default":true,"robots_noindex":false,"robots_noarchive":false,"robots_nosnippet":false,"robots_nofollow":false,"robots_noimageindex":false,"robots_noodp":false,"robots_notranslate":false,"robots_max_snippet":"-1","robots_max_videopreview":"-1","robots_max_imagepreview":"large","priority":null,"frequency":"default","local_seo":null,"seo_analyzer_scan_date":null,"breadcrumb_settings":null,"limit_modified_date":false,"open_ai":null,"ai":{"faqs":[],"keyPoints":[],"titles":[],"descriptions":[],"socialPosts":{"email":[],"linkedin":[],"twitter":[],"facebook":[],"instagram":[]}},"created":"2026-08-25 07:14:09","updated":"2026-08-25 07:14:10","focus_keyword":null,"additional_keywords":null,"truseo_locale":null},"aioseo_breadcrumb":"<div class=\"aioseo-breadcrumbs\"><span class=\"aioseo-breadcrumb\">\n\t<a href=\"https:\/\/flyttatillboden.se\/en\/\" title=\"Hem\">Hem<\/a>\n<\/span><span class=\"aioseo-breadcrumb-separator\">&raquo;<\/span><span class=\"aioseo-breadcrumb\">\n\tLovisa \u00d6berg\n<\/span><\/div>","aioseo_breadcrumb_json":[{"label":"Hem","link":"https:\/\/flyttatillboden.se\/en\/"},{"label":"Lovisa \u00d6berg","link":"https:\/\/flyttatillboden.se\/en\/new_in_boden\/lovisa-oberg\/"}],"publishpress_future_workflow_manual_trigger":{"enabledWorkflows":[]},"_links":{"self":[{"href":"https:\/\/flyttatillboden.se\/en\/wp-json\/wp\/v2\/new_in_boden\/34263","targetHints":{"allow":["GET"]}}],"collection":[{"href":"https:\/\/flyttatillboden.se\/en\/wp-json\/wp\/v2\/new_in_boden"}],"about":[{"href":"https:\/\/flyttatillboden.se\/en\/wp-json\/wp\/v2\/types\/new_in_boden"}],"wp:featuredmedia":[{"embeddable":true,"href":"https:\/\/flyttatillboden.se\/en\/wp-json\/wp\/v2\/media\/29653"}],"wp:attachment":[{"href":"https:\/\/flyttatillboden.se\/en\/wp-json\/wp\/v2\/media?parent=34263"}],"wp:term":[{"taxonomy":"category","embeddable":true,"href":"https:\/\/flyttatillboden.se\/en\/wp-json\/wp\/v2\/categories?post=34263"}],"curies":[{"name":"wp","href":"https:\/\/api.w.org\/{rel}","templated":true}]}}